{"id":56,"date":"2015-05-18T10:27:29","date_gmt":"2015-05-18T10:27:29","guid":{"rendered":"http:\/\/nenufee-therapies.ch\/wordpress\/?page_id=56"},"modified":"2025-11-02T18:34:30","modified_gmt":"2025-11-02T16:34:30","slug":"cv","status":"publish","type":"page","link":"https:\/\/nenufee-therapies.ch\/wordpress\/cv\/","title":{"rendered":"Biographie"},"content":{"rendered":"<p style=\"text-align: justify;\"><img loading=\"lazy\" decoding=\"async\" class=\"aligncenter size-medium wp-image-314\" src=\"http:\/\/nenufee-therapies.ch\/wordpress\/wp-content\/uploads\/2015\/05\/patricia-Cropped-300x300.jpg\" alt=\"patricia Cropped\" width=\"300\" height=\"300\" srcset=\"https:\/\/nenufee-therapies.ch\/wordpress\/wp-content\/uploads\/2015\/05\/patricia-Cropped-300x300.jpg 300w, https:\/\/nenufee-therapies.ch\/wordpress\/wp-content\/uploads\/2015\/05\/patricia-Cropped-150x150.jpg 150w, https:\/\/nenufee-therapies.ch\/wordpress\/wp-content\/uploads\/2015\/05\/patricia-Cropped-624x624.jpg 624w, https:\/\/nenufee-therapies.ch\/wordpress\/wp-content\/uploads\/2015\/05\/patricia-Cropped.jpg 906w\" sizes=\"auto, (max-width: 300px) 100vw, 300px\" \/><\/p>\n<p style=\"text-align: justify;\">J\u2019ai grandi dans le canton de Vaud et je suis arriv\u00e9e dans le canton de Fribourg en 1983. Je suis mari\u00e9e et maman de 2 enfants (gar\u00e7on et fille). Mes enfants sont le cadeau le plus merveilleux et pr\u00e9cieux que la vie m\u2019a apport\u00e9. Maintenant ils sont grands et volent de leurs propres ailes.<\/p>\n<p style=\"text-align: justify;\">Sur le chemin de ma vie, j\u2019ai rencontr\u00e9 plusieurs difficult\u00e9s physiques. Apr\u00e8s 2 \u00e0 3 ans de r\u00e9\u00e9ducation, j\u2019ai d\u00e9cid\u00e9 de faire la formation en Reiki, et l\u00e0, j\u2019ai commenc\u00e9 \u00e0 vivre des exp\u00e9riences enrichissantes, rencontrer des personnes chaleureuses, \u00eatre en harmonie avec moi-m\u00eame et surtout accepter ces ann\u00e9es difficiles.<\/p>\n<p style=\"text-align: justify;\">Durant mes exp\u00e9riences en Reiki, j\u2019ai commenc\u00e9 \u00e0 recevoir des messages des animaux que je traitais et cela m\u2019a confirm\u00e9 que je devais aussi int\u00e9grer les animaux dans mes soins. Depuis j\u2019ai suivi des formations en\u00a0\u00ab\u00a0Communication animale\u00a0\u00bb. Ensuite, comme je suis une personne tr\u00e8s tactile, j\u2019avais aussi besoin de ce contact physique\u00a0que ce soit avec les personnes ou les animaux. D\u00e8s lors,\u00a0j\u2019ai fait des formations en diff\u00e9rents massages pour les personnes ainsi qu&rsquo;en acupressure et en reboutologie pour les animaux.<\/p>\n<p style=\"text-align: justify;\">Et quand on tombe dans la marmite des formations, on continue encore et encore\u2026 car c\u2019est suite \u00e0 tout cela que j\u2019ai fait mon travail de ma\u00eetrise afin de pouvoir enseigner le Reiki et pour tout ce que cela nous apporte ainsi qu&rsquo;aux personnes et animaux qui nous entourent, mais\u00a0\u00e9galement afin de\u00a0partager mes exp\u00e9riences en donnant d&rsquo;autres formations.<\/p>\n<p style=\"text-align: justify;\">C\u2019est en 2012 que l\u2019Espace N\u00e9nuF\u00e9e a vu le jour.<\/p>\n<p style=\"text-align: justify;\">Je me r\u00e9jouis de vous accueillir dans mon espace pour un soin ou une formation. Concernant\u00a0les\u00a0animaux, je les re\u00e7ois \u00e0 mon domicile ou directement chez vous.<\/p>\n<p style=\"text-align: right;\"><strong>Patricia<\/strong><\/p>\n<p style=\"text-align: justify;\"><strong>MESSAGES \u00e0 MES ANIMAUX DISPARUS <\/strong><\/p>\n<p style=\"text-align: justify;\"><strong>Krazy<\/strong><\/p>\n<p style=\"text-align: justify;\">Krazy s&rsquo;en est all\u00e9e le 13 juillet 2011\u00a0\u00e0 11 ans et 2 mois suite \u00e0 une tumeur.<\/p>\n<p style=\"text-align: justify;\">Merci pour tous ces moments partag\u00e9s ensemble. Tu m\u2019as permis de grandir int\u00e9rieurement et de mettre en place certaines choses.<\/p>\n<p style=\"text-align: justify;\">Je sais que tu m\u2019enverras des signes ou des messages et que tu continueras de me guider.<\/p>\n<p style=\"text-align: justify;\">Regardez donc l\u00e0-haut, que voyez-vous ? C\u2019est le paradis de nos chers animaux : L\u00e0, au-dessus de ce nuage o\u00f9 la forme est un chien, et \u00e0 c\u00f4t\u00e9 de celui-ci, o\u00f9 la forme est un chat.<\/p>\n<p style=\"text-align: justify;\">Il est l\u00e0 le paradis.<\/p>\n<p style=\"text-align: justify;\">Dans le ciel si bleu, au-dessus de nos t\u00eates, ils sont l\u00e0. Ils vivent ailleurs, en pleine sant\u00e9, dans de grands pr\u00e9s verts bien fleuris o\u00f9 coule la source du paradis.<\/p>\n<p style=\"text-align: justify;\">Et quand vient la nuit, ils allument pour nous les \u00e9toiles afin que nous ayons, nous aussi, cette lumi\u00e8re qui les entoure.<\/p>\n<p style=\"text-align: justify;\">Envole-toi ma Krazy vers ce monde rempli de douceur et d\u2019amour !<\/p>\n<p style=\"text-align: justify;\"><a href=\"http:\/\/nenufee-therapies.ch\/wordpress\/wp-content\/uploads\/2015\/05\/krazy.jpg\"><img loading=\"lazy\" decoding=\"async\" class=\"size-medium wp-image-166\" src=\"http:\/\/nenufee-therapies.ch\/wordpress\/wp-content\/uploads\/2015\/05\/krazy-200x300.jpg\" alt=\"krazy\" width=\"200\" height=\"300\" srcset=\"https:\/\/nenufee-therapies.ch\/wordpress\/wp-content\/uploads\/2015\/05\/krazy-200x300.jpg 200w, https:\/\/nenufee-therapies.ch\/wordpress\/wp-content\/uploads\/2015\/05\/krazy.jpg 298w\" sizes=\"auto, (max-width: 200px) 100vw, 200px\" \/><img decoding=\"async\" class=\"alignright\" src=\"https:\/\/encrypted-tbn2.gstatic.com\/images?q=tbn:ANd9GcTMSkHcGBn8WWhfxs8_VXE-hekCy37_tqxViXGCM-xF_GFwj7p_\" alt=\"R\u00e9sultat de recherche d'images pour &quot;coeur&quot;\" \/><\/a><\/p>\n\n\n<p><strong>V\u00e9nus <\/strong>&#x2764;&#xfe0f; aujourd\u2019hui 11 ao\u00fbt 2019, tu aurais eu 18 ans, mais la vie en a d\u00e9cid\u00e9 autrement.<br> J\u2019ai d\u00fb prendre la d\u00e9cision de t\u2019endormir il y a 4 jours &#x1f4ab; C\u2019est toujours tr\u00e8s dur de laisser partir un animal qui a \u00e9t\u00e9 aussi longtemps avec nous. Tu es partie sereinement dans mes bras et tu \u00e9tais pr\u00eate.<br> Quand je suis arriv\u00e9e pour choisir un chaton que mes enfants m\u2019offraient comme cadeau, il y en avait 6 plus magnifiques les uns que les autres. C\u2019est toi qui es venu la premi\u00e8re te lover entre mes jambes et durant tout le temps de ma visite, tu es rest\u00e9e \u00e0 cet endroit. Donc pour moi c\u2019\u00e9tait clair que c\u2019\u00e9tait toi que j\u2019allais prendre. Et depuis ce jour on ne sait plus quitter &#x1f408; <br> Tu \u00e9tais toujours avec moi, lorsque je mangeais, dormais ou que je regardais la t\u00e9l\u00e9, tu te mettais sur mes genoux ou contre ma poitrine. Dans mes m\u00e9ditations quotidiennes, tu venais te lover tout pr\u00eat de moi et on voyageait ensemble &#x1f64f;<br> Tu avais ce regard qui exprimait beaucoup de chose et nous nous comprenions.<br> Ton absence physique me manque car \u00e0 chaque endroit de la maison, tu avais ta place. Mais je sais que tu seras mon guide depuis l\u2019autre monde &#x2728; et que je pourrai compter sur toi.<br> Tu as maintenant retrouv\u00e9 les animaux qui ont fait partie de notre vie et je sais qu\u2019ils \u00e9taient l\u00e0 pour t\u2019accueillir &#x1f43e; tu vas y amener ta douceur et ta sagesse. <br> Envole- toi V\u00e9nus &#x2764;&#xfe0f; tu seras toujours dans mon c\u0153ur <\/p>\n\n\n\n<figure class=\"wp-block-gallery has-nested-images columns-default is-cropped wp-block-gallery-1 is-layout-flex wp-block-gallery-is-layout-flex\">\n<figure class=\"wp-block-image\"><img loading=\"lazy\" decoding=\"async\" width=\"549\" height=\"960\" data-id=\"1388\" src=\"https:\/\/nenufee-therapies.ch\/wordpress\/wp-content\/uploads\/2019\/08\/67889752_2259665164300543_4235465441851473920_n2.jpg\" alt=\"\" class=\"wp-image-1388\" srcset=\"https:\/\/nenufee-therapies.ch\/wordpress\/wp-content\/uploads\/2019\/08\/67889752_2259665164300543_4235465441851473920_n2.jpg 549w, https:\/\/nenufee-therapies.ch\/wordpress\/wp-content\/uploads\/2019\/08\/67889752_2259665164300543_4235465441851473920_n2-172x300.jpg 172w\" sizes=\"auto, (max-width: 549px) 100vw, 549px\" \/><\/figure>\n\n\n\n<figure class=\"wp-block-image\"><img loading=\"lazy\" decoding=\"async\" width=\"737\" height=\"1024\" data-id=\"1390\" src=\"https:\/\/nenufee-therapies.ch\/wordpress\/wp-content\/uploads\/2019\/08\/V\u00e9nus-07.08.2019-001-737x1024.jpg\" alt=\"\" class=\"wp-image-1390\" srcset=\"https:\/\/nenufee-therapies.ch\/wordpress\/wp-content\/uploads\/2019\/08\/V\u00e9nus-07.08.2019-001-737x1024.jpg 737w, https:\/\/nenufee-therapies.ch\/wordpress\/wp-content\/uploads\/2019\/08\/V\u00e9nus-07.08.2019-001-216x300.jpg 216w, https:\/\/nenufee-therapies.ch\/wordpress\/wp-content\/uploads\/2019\/08\/V\u00e9nus-07.08.2019-001-768x1068.jpg 768w, https:\/\/nenufee-therapies.ch\/wordpress\/wp-content\/uploads\/2019\/08\/V\u00e9nus-07.08.2019-001-624x868.jpg 624w\" sizes=\"auto, (max-width: 737px) 100vw, 737px\" \/><\/figure>\n<\/figure>\n\n\n\n<p><strong>Asia<\/strong><\/p>\n\n\n\n<p>Ton pr\u00e9nom signifiait Vie, et pourtant ta vie aupr\u00e8s de moi a \u00e9t\u00e9 bien trop courte. &#x1f4ab;<\/p>\n\n\n\n<p>Apr\u00e8s six ann\u00e9es \u00e0 partager mon quotidien, j\u2019ai d\u00fb, le c\u0153ur lourd, te laisser partir vers le paradis des animaux\u2026 l\u00e0 o\u00f9 t\u2019attendent d\u00e9j\u00e0 tous ceux que j\u2019ai tant aim\u00e9s.<\/p>\n\n\n\n<p>Merci, ma belle \u00e2me, pour ces six ann\u00e9es de tendresse et de complicit\u00e9.<\/p>\n\n\n\n<p>Merci pour tout ce que tu m\u2019as apport\u00e9, pour ta pr\u00e9sence douce et lumineuse.<\/p>\n\n\n\n<p>Merci de m\u2019avoir accompagn\u00e9e dans mes soins et mes communications animales \u2014 ton \u00e9nergie rayonnante soutenait si souvent mes s\u00e9ances.<\/p>\n\n\n\n<p>Merci aussi pour tout l\u2019amour et la douceur que tu as offerts \u00e0 mes trois petites filles. &#x1f496;<\/p>\n\n\n\n<p>Tu laisses un grand vide, mais aussi une empreinte immense d\u2019amour et de gratitude.<\/p>\n\n\n\n<p>Repose en paix, ma douce Asia. &#x1f308;&#x2728;<\/p>\n\n\n\n<p>Je t\u2019aime, pour toujours &#x2665;&#xfe0f;<\/p>\n\n\n\n<figure class=\"wp-block-image size-large\"><a href=\"http:\/\/nenufee-therapies.ch\/wordpress\/wp-content\/uploads\/2025\/11\/22a31145-7ea5-44a8-9802-290bbb205758.jpg\"><img loading=\"lazy\" decoding=\"async\" width=\"497\" height=\"1024\" src=\"http:\/\/nenufee-therapies.ch\/wordpress\/wp-content\/uploads\/2025\/11\/22a31145-7ea5-44a8-9802-290bbb205758-497x1024.jpg\" alt=\"\" class=\"wp-image-2339\" srcset=\"https:\/\/nenufee-therapies.ch\/wordpress\/wp-content\/uploads\/2025\/11\/22a31145-7ea5-44a8-9802-290bbb205758-497x1024.jpg 497w, https:\/\/nenufee-therapies.ch\/wordpress\/wp-content\/uploads\/2025\/11\/22a31145-7ea5-44a8-9802-290bbb205758-146x300.jpg 146w, https:\/\/nenufee-therapies.ch\/wordpress\/wp-content\/uploads\/2025\/11\/22a31145-7ea5-44a8-9802-290bbb205758-768x1581.jpg 768w, https:\/\/nenufee-therapies.ch\/wordpress\/wp-content\/uploads\/2025\/11\/22a31145-7ea5-44a8-9802-290bbb205758-746x1536.jpg 746w, https:\/\/nenufee-therapies.ch\/wordpress\/wp-content\/uploads\/2025\/11\/22a31145-7ea5-44a8-9802-290bbb205758-624x1285.jpg 624w, https:\/\/nenufee-therapies.ch\/wordpress\/wp-content\/uploads\/2025\/11\/22a31145-7ea5-44a8-9802-290bbb205758.jpg 777w\" sizes=\"auto, (max-width: 497px) 100vw, 497px\" \/><\/a><\/figure>\n","protected":false},"excerpt":{"rendered":"<p>J\u2019ai grandi dans le canton de Vaud et je suis arriv\u00e9e dans le canton de Fribourg en 1983. Je suis mari\u00e9e et maman de 2 enfants (gar\u00e7on et fille). Mes enfants sont le cadeau le plus merveilleux et pr\u00e9cieux que la vie m\u2019a apport\u00e9. Maintenant ils sont grands et volent de leurs propres ailes. Sur [&hellip;]<\/p>\n","protected":false},"author":2,"featured_media":0,"parent":0,"menu_order":7,"comment_status":"closed","ping_status":"closed","template":"","meta":{"_exactmetrics_skip_tracking":false,"_exactmetrics_sitenote_active":false,"_exactmetrics_sitenote_note":"","_exactmetrics_sitenote_category":0,"footnotes":""},"class_list":["post-56","page","type-page","status-publish","hentry"],"_links":{"self":[{"href":"https:\/\/nenufee-therapies.ch\/wordpress\/wp-json\/wp\/v2\/pages\/56","targetHints":{"allow":["GET"]}}],"collection":[{"href":"https:\/\/nenufee-therapies.ch\/wordpress\/wp-json\/wp\/v2\/pages"}],"about":[{"href":"https:\/\/nenufee-therapies.ch\/wordpress\/wp-json\/wp\/v2\/types\/page"}],"author":[{"embeddable":true,"href":"https:\/\/nenufee-therapies.ch\/wordpress\/wp-json\/wp\/v2\/users\/2"}],"replies":[{"embeddable":true,"href":"https:\/\/nenufee-therapies.ch\/wordpress\/wp-json\/wp\/v2\/comments?post=56"}],"version-history":[{"count":24,"href":"https:\/\/nenufee-therapies.ch\/wordpress\/wp-json\/wp\/v2\/pages\/56\/revisions"}],"predecessor-version":[{"id":2341,"href":"https:\/\/nenufee-therapies.ch\/wordpress\/wp-json\/wp\/v2\/pages\/56\/revisions\/2341"}],"wp:attachment":[{"href":"https:\/\/nenufee-therapies.ch\/wordpress\/wp-json\/wp\/v2\/media?parent=56"}],"curies":[{"name":"wp","href":"https:\/\/api.w.org\/{rel}","templated":true}]}}